{"id":5430,"date":"2022-01-10T17:11:21","date_gmt":"2022-01-10T16:11:21","guid":{"rendered":"http:\/\/www.c-2i.org\/?page_id=5430"},"modified":"2024-09-23T11:10:43","modified_gmt":"2024-09-23T09:10:43","slug":"realiser-un-album-photo","status":"publish","type":"page","link":"https:\/\/www.carrefour-numerique.org\/?page_id=5430","title":{"rendered":"R\u00e9aliser un livre photo"},"content":{"rendered":"\t\t<div data-elementor-type=\"wp-page\" data-elementor-id=\"5430\" class=\"elementor elementor-5430\">\n\t\t\t\t\t\t<section class=\"elementor-section elementor-top-section elementor-element elementor-element-dce71d3 elementor-section-boxed elementor-section-height-default elementor-section-height-default\" data-id=\"dce71d3\" data-element_type=\"section\">\n\t\t\t\t\t\t<div class=\"elementor-container elementor-column-gap-default\">\n\t\t\t\t\t<div class=\"elementor-column elementor-col-100 elementor-top-column elementor-element elementor-element-8021d30\" data-id=\"8021d30\" data-element_type=\"column\">\n\t\t\t<div class=\"elementor-widget-wrap elementor-element-populated\">\n\t\t\t\t\t\t<div class=\"elementor-element elementor-element-93e56b0 elementor-widget elementor-widget-text-editor\" data-id=\"93e56b0\" data-element_type=\"widget\" data-widget_type=\"text-editor.default\">\n\t\t\t\t<div class=\"elementor-widget-container\">\n\t\t\t\t\t\t\t\t\t<p><span style=\"font-family: arial, helvetica, sans-serif; font-size: 14pt;\">Pour suivre cette formation il vous faut un minimum de <strong>connaissances en informatique<\/strong> (cr\u00e9ation de dossiers, classement des fichiers&#8230;) et un <strong>ordinateur sous Windows<\/strong>.<\/span><\/p>\t\t\t\t\t\t\t\t<\/div>\n\t\t\t\t<\/div>\n\t\t\t\t\t<\/div>\n\t\t<\/div>\n\t\t\t\t\t<\/div>\n\t\t<\/section>\n\t\t\t\t<section class=\"elementor-section elementor-top-section elementor-element elementor-element-a340b69 elementor-section-boxed elementor-section-height-default elementor-section-height-default\" data-id=\"a340b69\" data-element_type=\"section\" data-settings=\"{&quot;background_background&quot;:&quot;classic&quot;}\">\n\t\t\t\t\t\t\t<div class=\"elementor-background-overlay\"><\/div>\n\t\t\t\t\t\t\t<div class=\"elementor-container elementor-column-gap-default\">\n\t\t\t\t\t<div class=\"elementor-column elementor-col-100 elementor-top-column elementor-element elementor-element-844a8bd\" data-id=\"844a8bd\" data-element_type=\"column\">\n\t\t\t<div class=\"elementor-widget-wrap elementor-element-populated\">\n\t\t\t\t\t\t<div class=\"elementor-element elementor-element-4548c4c elementor-widget elementor-widget-text-editor\" data-id=\"4548c4c\" data-element_type=\"widget\" data-widget_type=\"text-editor.default\">\n\t\t\t\t<div class=\"elementor-widget-container\">\n\t\t\t\t\t\t\t\t\t<p><span style=\"font-family: arial, helvetica, sans-serif;\"><span style=\"font-size: 24pt; color: #e0e0e0;\"><strong>Cette formation s&#8217;\u00e9tale sur une session annuelle<br \/><\/strong><\/span><span style=\"font-size: 14pt;\"><i>Nous r\u00e9aliserons d\u2019abord un livre photo avec le logiciel \u00ab <b>Pixum<\/b>\u00a0\u00bb puis dans une seconde partie nous r\u00e9aliserons un montage vid\u00e9o simple \u00e0 partir des films de votre smartphone.<\/i><\/span><\/span><\/p>\t\t\t\t\t\t\t\t<\/div>\n\t\t\t\t<\/div>\n\t\t\t\t\t<\/div>\n\t\t<\/div>\n\t\t\t\t\t<\/div>\n\t\t<\/section>\n\t\t\t\t<section class=\"elementor-section elementor-top-section elementor-element elementor-element-ff64587 elementor-section-boxed elementor-section-height-default elementor-section-height-default\" data-id=\"ff64587\" data-element_type=\"section\">\n\t\t\t\t\t\t<div class=\"elementor-container elementor-column-gap-default\">\n\t\t\t\t\t<div class=\"elementor-column elementor-col-100 elementor-top-column elementor-element elementor-element-21a0f33\" data-id=\"21a0f33\" data-element_type=\"column\">\n\t\t\t<div class=\"elementor-widget-wrap elementor-element-populated\">\n\t\t\t\t\t\t<div class=\"elementor-element elementor-element-d8ede83 elementor-widget elementor-widget-spacer\" data-id=\"d8ede83\" data-element_type=\"widget\" data-widget_type=\"spacer.default\">\n\t\t\t\t<div class=\"elementor-widget-container\">\n\t\t\t\t\t\t\t<div class=\"elementor-spacer\">\n\t\t\t<div class=\"elementor-spacer-inner\"><\/div>\n\t\t<\/div>\n\t\t\t\t\t\t<\/div>\n\t\t\t\t<\/div>\n\t\t\t\t\t<\/div>\n\t\t<\/div>\n\t\t\t\t\t<\/div>\n\t\t<\/section>\n\t\t\t\t<section class=\"elementor-section elementor-top-section elementor-element elementor-element-a6884d6 elementor-section-boxed elementor-section-height-default elementor-section-height-default\" data-id=\"a6884d6\" data-element_type=\"section\">\n\t\t\t\t\t\t<div class=\"elementor-container elementor-column-gap-default\">\n\t\t\t\t\t<div class=\"elementor-column elementor-col-50 elementor-top-column elementor-element elementor-element-d82c974\" data-id=\"d82c974\" data-element_type=\"column\">\n\t\t\t<div class=\"elementor-widget-wrap elementor-element-populated\">\n\t\t\t\t\t\t<div class=\"elementor-element elementor-element-8eccaeb elementor-widget elementor-widget-text-editor\" data-id=\"8eccaeb\" data-element_type=\"widget\" data-widget_type=\"text-editor.default\">\n\t\t\t\t<div class=\"elementor-widget-container\">\n\t\t\t\t\t\t\t\t\t<p style=\"text-align: justify;\"><span style=\"font-family: arial, helvetica, sans-serif;\"><span style=\"font-size: 14pt;\">La premi\u00e8re partie de cet atelier a pour objectif la conception et la r\u00e9alisation d\u2019un livre photo personnalis\u00e9. Nous utiliserons pour cela un logiciel gratuit <strong>&#8220;Pixum&#8221;<\/strong> que nous serons amen\u00e9s \u00e0 installer sur notre PC portable.<\/span><span style=\"font-size: 14pt;\">Avant de d\u00e9couvrir ce logiciel, nous aborderons des notions de base plus g\u00e9n\u00e9riques\u00a0: classement des photos sur le PC (cr\u00e9ation de dossiers), si besoin transfert d\u2019images d\u2019un \u00ab\u00a0smartphone\u00a0\u00bb vers le PC.<\/span><\/span><\/p><p style=\"text-align: justify;\"><span style=\"font-family: arial, helvetica, sans-serif;\"><span style=\"font-size: 14pt;\">Puis nous verrons comment am\u00e9liorer simplement nos photos\u00a0: recadrage, correction de luminosit\u00e9, conversion en noir et blanc ou s\u00e9pia.<\/span><\/span><\/p><p style=\"text-align: justify;\"><span style=\"font-family: arial, helvetica, sans-serif;\"><span style=\"font-size: 14pt;\">Enfin, nous d\u00e9couvrirons quels mod\u00e8les de livres photo sont disponibles, quels types de mise en page etc\u2026<\/span><\/span><\/p>\t\t\t\t\t\t\t\t<\/div>\n\t\t\t\t<\/div>\n\t\t\t\t\t<\/div>\n\t\t<\/div>\n\t\t\t\t<div class=\"elementor-column elementor-col-50 elementor-top-column elementor-element elementor-element-fb4d830\" data-id=\"fb4d830\" data-element_type=\"column\">\n\t\t\t<div class=\"elementor-widget-wrap elementor-element-populated\">\n\t\t\t\t\t\t<div class=\"elementor-element elementor-element-c7d10ab elementor-widget elementor-widget-video\" data-id=\"c7d10ab\" data-element_type=\"widget\" data-settings=\"{&quot;video_type&quot;:&quot;hosted&quot;,&quot;autoplay&quot;:&quot;yes&quot;,&quot;play_on_mobile&quot;:&quot;yes&quot;,&quot;mute&quot;:&quot;yes&quot;,&quot;loop&quot;:&quot;yes&quot;}\" data-widget_type=\"video.default\">\n\t\t\t\t<div class=\"elementor-widget-container\">\n\t\t\t\t\t\t\t<div class=\"e-hosted-video elementor-wrapper elementor-open-inline\">\n\t\t\t\t\t<video class=\"elementor-video\" src=\"https:\/\/www.carrefour-numerique.org\/wp-content\/uploads\/2022\/01\/album-photos-web2.mp4\" autoplay=\"\" loop=\"\" muted=\"muted\" playsinline=\"\" controlsList=\"nodownload\"><\/video>\n\t\t\t\t<\/div>\n\t\t\t\t\t\t<\/div>\n\t\t\t\t<\/div>\n\t\t\t\t\t<\/div>\n\t\t<\/div>\n\t\t\t\t\t<\/div>\n\t\t<\/section>\n\t\t\t\t<section class=\"elementor-section elementor-top-section elementor-element elementor-element-a1721f3 elementor-section-boxed elementor-section-height-default elementor-section-height-default\" data-id=\"a1721f3\" data-element_type=\"section\">\n\t\t\t\t\t\t<div class=\"elementor-container elementor-column-gap-default\">\n\t\t\t\t\t<div class=\"elementor-column elementor-col-100 elementor-top-column elementor-element elementor-element-4ca340c\" data-id=\"4ca340c\" data-element_type=\"column\">\n\t\t\t<div class=\"elementor-widget-wrap elementor-element-populated\">\n\t\t\t\t\t\t<div class=\"elementor-element elementor-element-de22fef elementor-widget elementor-widget-text-editor\" data-id=\"de22fef\" data-element_type=\"widget\" data-widget_type=\"text-editor.default\">\n\t\t\t\t<div class=\"elementor-widget-container\">\n\t\t\t\t\t\t\t\t\t<p style=\"text-align: justify;\"><span style=\"font-family: arial, helvetica, sans-serif;\"><span style=\"font-size: 14pt;\">Cette premi\u00e8re partie d\u2019atelier nous occupera du mois d\u2019octobre au mois de f\u00e9vrier environ.<\/span><\/span><\/p><p style=\"text-align: justify;\"><span style=\"font-family: arial, helvetica, sans-serif;\"><span style=\"font-size: 14pt;\">Id\u00e9alement, il serait bien que vous ayez en t\u00eate une id\u00e9e de projet de livre photo, soit pour vous-m\u00eame, soit pour offrir. Il peut s\u2019agir d\u2019un livre concernant un voyage, des vacances, un \u00e9v\u00e9nement familial, une r\u00e9trospective etc\u2026<\/span><\/span><\/p>\t\t\t\t\t\t\t\t<\/div>\n\t\t\t\t<\/div>\n\t\t\t\t\t<\/div>\n\t\t<\/div>\n\t\t\t\t\t<\/div>\n\t\t<\/section>\n\t\t\t\t<section class=\"elementor-section elementor-top-section elementor-element elementor-element-5f03e57 elementor-section-boxed elementor-section-height-default elementor-section-height-default\" data-id=\"5f03e57\" data-element_type=\"section\">\n\t\t\t\t\t\t<div class=\"elementor-container elementor-column-gap-default\">\n\t\t\t\t\t<div class=\"elementor-column elementor-col-100 elementor-top-column elementor-element elementor-element-ab231fa\" data-id=\"ab231fa\" data-element_type=\"column\">\n\t\t\t<div class=\"elementor-widget-wrap elementor-element-populated\">\n\t\t\t\t\t\t<div class=\"elementor-element elementor-element-4f1ea95 elementor-widget-divider--view-line elementor-widget elementor-widget-divider\" data-id=\"4f1ea95\" data-element_type=\"widget\" data-widget_type=\"divider.default\">\n\t\t\t\t<div class=\"elementor-widget-container\">\n\t\t\t\t\t\t\t<div class=\"elementor-divider\">\n\t\t\t<span class=\"elementor-divider-separator\">\n\t\t\t\t\t\t<\/span>\n\t\t<\/div>\n\t\t\t\t\t\t<\/div>\n\t\t\t\t<\/div>\n\t\t\t\t\t<\/div>\n\t\t<\/div>\n\t\t\t\t\t<\/div>\n\t\t<\/section>\n\t\t\t\t<section class=\"elementor-section elementor-top-section elementor-element elementor-element-2203e02 elementor-section-boxed elementor-section-height-default elementor-section-height-default\" data-id=\"2203e02\" data-element_type=\"section\">\n\t\t\t\t\t\t<div class=\"elementor-container elementor-column-gap-default\">\n\t\t\t\t\t<div class=\"elementor-column elementor-col-50 elementor-top-column elementor-element elementor-element-9c98338\" data-id=\"9c98338\" data-element_type=\"column\">\n\t\t\t<div class=\"elementor-widget-wrap elementor-element-populated\">\n\t\t\t\t\t\t<div class=\"elementor-element elementor-element-e466d30 elementor-widget elementor-widget-text-editor\" data-id=\"e466d30\" data-element_type=\"widget\" data-widget_type=\"text-editor.default\">\n\t\t\t\t<div class=\"elementor-widget-container\">\n\t\t\t\t\t\t\t\t\t<p style=\"text-align: justify;\"><span style=\"font-family: arial, helvetica, sans-serif;\"><em><span style=\"font-size: 14pt;\">A la suite du livre photo, et pour les personnes int\u00e9ress\u00e9es, nous poursuivrons cet atelier par l\u2019apprentissage du montage vid\u00e9o simplifi\u00e9.<br \/><\/span><\/em><em><span style=\"font-size: 14pt;\">Un logiciel gratuit <strong>&#8220;Movie-maker&#8221;<\/strong> nous permettra de cr\u00e9er un film contenant introduction, insertion d\u2019images anim\u00e9es et de s\u00e9quences vid\u00e9os, l\u00e9gendes, insertion d\u2019une ou plusieurs musiques et g\u00e9n\u00e9rique de fin.<\/span><\/em><\/span><\/p><p style=\"text-align: justify;\"><span style=\"font-family: arial, helvetica, sans-serif;\"><em><span style=\"font-size: 14pt;\">Rappel\u00a0: les s\u00e9ances ont lieu le mardi de 09h00 \u00e0 10h30, hors vacances scolaires (et en cas d\u2019\u00e9ventuelle indisponibilit\u00e9 de l\u2019animateur).<\/span><\/em><\/span><\/p><p style=\"text-align: justify;\"><span style=\"font-family: arial, helvetica, sans-serif;\"><em><span style=\"font-size: 14pt;\">Nous vous souhaitons la bienvenue dans cet atelier.<\/span><\/em><\/span><\/p>\t\t\t\t\t\t\t\t<\/div>\n\t\t\t\t<\/div>\n\t\t\t\t\t<\/div>\n\t\t<\/div>\n\t\t\t\t<div class=\"elementor-column elementor-col-50 elementor-top-column elementor-element elementor-element-056c717\" data-id=\"056c717\" data-element_type=\"column\">\n\t\t\t<div class=\"elementor-widget-wrap elementor-element-populated\">\n\t\t\t\t\t\t<div class=\"elementor-element elementor-element-0556f95 elementor-widget elementor-widget-image\" data-id=\"0556f95\" data-element_type=\"widget\" data-widget_type=\"image.default\">\n\t\t\t\t<div class=\"elementor-widget-container\">\n\t\t\t\t\t\t\t\t\t\t\t\t\t\t\t<img fetchpriority=\"high\" decoding=\"async\" width=\"600\" height=\"430\" src=\"https:\/\/www.carrefour-numerique.org\/wp-content\/uploads\/2023\/06\/movie-maker.png\" class=\"attachment-large size-large wp-image-7746\" alt=\"\" srcset=\"https:\/\/www.carrefour-numerique.org\/wp-content\/uploads\/2023\/06\/movie-maker.png 600w, https:\/\/www.carrefour-numerique.org\/wp-content\/uploads\/2023\/06\/movie-maker-300x215.png 300w\" sizes=\"(max-width: 600px) 100vw, 600px\" \/>\t\t\t\t\t\t\t\t\t\t\t\t\t\t\t<\/div>\n\t\t\t\t<\/div>\n\t\t\t\t\t<\/div>\n\t\t<\/div>\n\t\t\t\t\t<\/div>\n\t\t<\/section>\n\t\t\t\t<\/div>\n\t\t","protected":false},"excerpt":{"rendered":"<p>Pour suivre cette formation il vous faut un minimum de connaissances en informatique (cr\u00e9ation de dossiers, classement des fichiers&#8230;) et un ordinateur sous Windows. Cette formation s&#8217;\u00e9tale sur une session annuelleNous r\u00e9aliserons d\u2019abord un livre photo avec le logiciel \u00ab Pixum\u00a0\u00bb puis dans une seconde partie nous r\u00e9aliserons un montage vid\u00e9o simple \u00e0 partir des &#8230; <a title=\"R\u00e9aliser un livre photo\" class=\"read-more\" href=\"https:\/\/www.carrefour-numerique.org\/?page_id=5430\" aria-label=\"En savoir plus sur R\u00e9aliser un livre photo\">Lire la suite<\/a><\/p>\n","protected":false},"author":487,"featured_media":0,"parent":0,"menu_order":0,"comment_status":"closed","ping_status":"closed","template":"","meta":{"inline_featured_image":false,"footnotes":""},"class_list":["post-5430","page","type-page","status-publish"],"_links":{"self":[{"href":"https:\/\/www.carrefour-numerique.org\/index.php?rest_route=\/wp\/v2\/pages\/5430","targetHints":{"allow":["GET"]}}],"collection":[{"href":"https:\/\/www.carrefour-numerique.org\/index.php?rest_route=\/wp\/v2\/pages"}],"about":[{"href":"https:\/\/www.carrefour-numerique.org\/index.php?rest_route=\/wp\/v2\/types\/page"}],"author":[{"embeddable":true,"href":"https:\/\/www.carrefour-numerique.org\/index.php?rest_route=\/wp\/v2\/users\/487"}],"replies":[{"embeddable":true,"href":"https:\/\/www.carrefour-numerique.org\/index.php?rest_route=%2Fwp%2Fv2%2Fcomments&post=5430"}],"version-history":[{"count":82,"href":"https:\/\/www.carrefour-numerique.org\/index.php?rest_route=\/wp\/v2\/pages\/5430\/revisions"}],"predecessor-version":[{"id":8758,"href":"https:\/\/www.carrefour-numerique.org\/index.php?rest_route=\/wp\/v2\/pages\/5430\/revisions\/8758"}],"wp:attachment":[{"href":"https:\/\/www.carrefour-numerique.org\/index.php?rest_route=%2Fwp%2Fv2%2Fmedia&parent=5430"}],"curies":[{"name":"wp","href":"https:\/\/api.w.org\/{rel}","templated":true}]}}